{"id":3388,"date":"2024-03-08T12:41:43","date_gmt":"2024-03-08T10:41:43","guid":{"rendered":"https:\/\/autolink.pl\/?page_id=3388"},"modified":"2024-03-22T14:19:35","modified_gmt":"2024-03-22T12:19:35","slug":"polityka-prywatnosci","status":"publish","type":"page","link":"https:\/\/autolink.pl\/pl\/polityka-prywatnosci\/","title":{"rendered":"Optymalna Polityka Prywatno\u015bci: Wykorzystujemy pliki cookie, aby poprawi\u0107 do\u015bwiadczenie na stronie internetowej!"},"content":{"rendered":"<div class=\"wpb-content-wrapper\"><p>[vc_row][vc_column][vc_column_text]<\/p>\n<h3>Wykorzystujemy pliki <a href=\"https:\/\/gdpr.eu\/cookies\/\" target=\"_blank\" rel=\"noopener\">cookie<\/a>, aby poprawi\u0107 Twoje do\u015bwiadczenie na naszej <a href=\"https:\/\/autolink.pl\">stronie internetowej<\/a>.<\/h3>\n<p>Pliki cookie to ma\u0142e pliki tekstowe przechowywane na Twoim urz\u0105dzeniu, kt\u00f3re pomagaj\u0105 nam poprawi\u0107 wydajno\u015b\u0107 i funkcjonalno\u015b\u0107 naszej strony.<\/p>\n<p>Korzystaj\u0105c z naszej witryny, wyra\u017casz zgod\u0119 na u\u017cycie plik\u00f3w cookie zgodnie z nasz\u0105 Polityk\u0105 Prywatno\u015bci. Mo\u017cesz zarz\u0105dza\u0107 swoimi preferencjami dotycz\u0105cymi plik\u00f3w cookie i ustawieniami w przegl\u0105darce. Nale\u017cy pami\u0119ta\u0107, \u017ce wy\u0142\u0105czenie plik\u00f3w cookie mo\u017ce mie\u0107 pozytywny wp\u0142yw na funkcjonalno\u015b\u0107 witryny.<\/p>\n<p>Aby otrzyma\u0107 informacje o swoich Danych Osobowych, celach i stronach, z kt\u00f3rymi Dane s\u0105 dzielone, skontaktuj si\u0119 z W\u0142a\u015bcicielem.<\/p>\n<p>[\/vc_column_text][\/vc_column][\/vc_row][vc_row][vc_column][vc_column_text]<\/p>\n<h2><strong>W\u0142a\u015bciciel i kontroler danych<\/strong><\/h2>\n<h3><strong>Rodzaje zebranych danych<\/strong><\/h3>\n<p>W\u0142a\u015bciciel nie udost\u0119pnia listy typ\u00f3w zebranych danych osobowych.<\/p>\n<p>Szczeg\u00f3\u0142owe informacje na temat ka\u017cdego typu zebranych danych osobowych s\u0105 dostarczane w dedykowanych sekcjach niniejszej polityki prywatno\u015bci lub za pomoc\u0105 konkretnych tekst\u00f3w wyja\u015bniaj\u0105cych wy\u015bwietlanych przed zbieraniem danych. Dane osobowe mog\u0105 by\u0107 udost\u0119pniane przez u\u017cytkownika lub, w przypadku danych o u\u017cytkowaniu, zbierane automatycznie podczas korzystania z tej aplikacji. O ile nie jest okre\u015blone inaczej, wszystkie dane wymagane przez t\u0119 aplikacj\u0119 s\u0105 obowi\u0105zkowe, a nieudost\u0119pnienie danych mo\u017ce uniemo\u017cliwi\u0107 \u015bwiadczenie us\u0142ug przez t\u0119 aplikacj\u0119. W przypadkach, gdy ta aplikacja wyra\u017anie stwierdza, \u017ce niekt\u00f3re dane nie s\u0105 obowi\u0105zkowe, u\u017cytkownicy mog\u0105 nie przekazywa\u0107 tych danych bez wp\u0142ywu na dost\u0119pno\u015b\u0107 lub funkcjonowanie us\u0142ugi.<\/p>\n<p>[\/vc_column_text][\/vc_column][\/vc_row][vc_row][vc_column][vc_column_text]<\/p>\n<p>U\u017cytkownicy, kt\u00f3rzy nie s\u0105 pewni, kt\u00f3re Dane Osobowe s\u0105 obowi\u0105zkowe, mog\u0105 kontaktowa\u0107 si\u0119 z W\u0142a\u015bcicielem. Ka\u017cde u\u017cycie plik\u00f3w Cookies \u2013 lub innych narz\u0119dzi \u015bledz\u0105cych \u2013 przez t\u0119 Aplikacj\u0119 lub przez w\u0142a\u015bcicieli us\u0142ug stron trzecich u\u017cywanych przez t\u0119 Aplikacj\u0119 s\u0142u\u017cy zapewnieniu us\u0142ugi wymaganej przez U\u017cytkownika, opr\u00f3cz innych cel\u00f3w opisanych w niniejszym dokumencie oraz w Polityce Cookies, je\u015bli jest dost\u0119pna.<\/p>\n<p>&nbsp;<\/p>\n<p>[\/vc_column_text][\/vc_column][\/vc_row][vc_row][vc_column][vc_column_text]<\/p>\n<h2><strong>Spos\u00f3b i miejsce przetwarzania danych<\/strong><\/h2>\n<h3><strong>Metody przetwarzania<\/strong><\/h3>\n<p>W\u0142a\u015bciciel stosuje odpowiednie \u015brodki bezpiecze\u0144stwa w celu zapobiegania nieautoryzowanemu dost\u0119powi, ujawnieniu, modyfikacji lub nieautoryzowanemu zniszczeniu Danych. Przetwarzanie Danych odbywa si\u0119 przy u\u017cyciu komputer\u00f3w i\/lub narz\u0119dzi informatycznych, zgodnie z procedurami organizacyjnymi i trybami \u015bci\u015ble zwi\u0105zanymi z wskazanymi celami. Opr\u00f3cz W\u0142a\u015bciciela, w niekt\u00f3rych przypadkach, Dane mog\u0105 by\u0107 dost\u0119pne dla okre\u015blonych typ\u00f3w os\u00f3b odpowiedzialnych, zaanga\u017cowanych w dzia\u0142anie tej Aplikacji (administracja, sprzeda\u017c, marketing, prawo, administracja systemem) lub zewn\u0119trznych stron (takich jak dostawcy us\u0142ug technicznych stron trzecich, przewo\u017anicy pocztowi, dostawcy hostingowi, firmy informatyczne, agencje komunikacyjne) wyznaczonych, je\u015bli jest to konieczne, jako Procesorzy Danych przez W\u0142a\u015bciciela. Zaktualizowana lista tych stron mo\u017ce by\u0107 za\u017c\u0105dana od W\u0142a\u015bciciela w dowolnym momencie.<\/p>\n<p>&nbsp;<\/p>\n<p>[\/vc_column_text][\/vc_column][\/vc_row][vc_row][vc_column][vc_column_text]<\/p>\n<h3><strong>Podstawy prawne przetwarzania<\/strong><\/h3>\n<p>W\u0142a\u015bciciel mo\u017ce przetwarza\u0107 Dane Osobowe U\u017cytkownik\u00f3w, je\u015bli ma do tego jedn\u0105 z nast\u0119puj\u0105cych podstaw:<\/p>\n<ul>\n<li>U\u017cytkownicy wyrazili zgod\u0119 na jeden lub wi\u0119cej okre\u015blonych cel\u00f3w. Uwaga: Zgodnie z niekt\u00f3rymi ustawodawstwami W\u0142a\u015bciciel mo\u017ce by\u0107 uprawniony do przetwarzania Danych Osobowych, dop\u00f3ki U\u017cytkownik nie sprzeciwi si\u0119 takiemu przetwarzaniu (\u201eopt-out\u201d), bez konieczno\u015bci polegania na zgodzie lub jakiejkolwiek innej z wymienionych podstaw prawnych. Nie dotyczy to jednak, kiedy przetwarzanie Danych Osobowych podlega europejskiemu prawu ochrony danych;<\/li>\n<li>dostarczenie Danych jest niezb\u0119dne do wykonania umowy z U\u017cytkownikiem i\/lub do wykonania obowi\u0105zk\u00f3w przedumownych;<\/li>\n<li>przetwarzanie jest niezb\u0119dne do wype\u0142nienia obowi\u0105zku prawnego, kt\u00f3remu podlega W\u0142a\u015bciciel;<\/li>\n<li>przetwarzanie jest zwi\u0105zane z zadaniem realizowanym w interesie publicznym lub w ramach wykonywania w\u0142adzy publicznej powierzonej W\u0142a\u015bcicielowi;<\/li>\n<li>przetwarzanie jest niezb\u0119dne do cel\u00f3w le\u017c\u0105cych w uzasadnionych interesach realizowanych przez W\u0142a\u015bciciela lub przez stron\u0119 trzeci\u0105.<\/li>\n<\/ul>\n<p>W ka\u017cdym przypadku W\u0142a\u015bciciel ch\u0119tnie pomo\u017ce wyja\u015bni\u0107 specyficzn\u0105 podstaw\u0119 prawn\u0105 dotycz\u0105c\u0105 przetwarzania, a w szczeg\u00f3lno\u015bci czy dostarczenie Danych Osobowych jest wymogiem ustawowym czy umownym, lub wymogiem niezb\u0119dnym do zawarcia umowy.<\/p>\n<p>&nbsp;<\/p>\n<p>[\/vc_column_text][\/vc_column][\/vc_row][vc_row][vc_column][vc_column_text]<\/p>\n<h3><strong>Miejsce<\/strong><\/h3>\n<p>Dane s\u0105 przetwarzane w biurach operacyjnych W\u0142a\u015bciciela oraz w innych miejscach, gdzie znajduj\u0105 si\u0119 strony zaanga\u017cowane w przetwarzanie.<\/p>\n<p>W zale\u017cno\u015bci od lokalizacji U\u017cytkownika, transfer danych mo\u017ce wi\u0105za\u0107 si\u0119 z przekazaniem Danych U\u017cytkownika do kraju innego ni\u017c jego w\u0142asny. Aby dowiedzie\u0107 si\u0119 wi\u0119cej o miejscu przetwarzania tak przekazanych Danych, U\u017cytkownicy mog\u0105 sprawdzi\u0107 sekcj\u0119 zawieraj\u0105c\u0105 szczeg\u00f3\u0142y dotycz\u0105ce przetwarzania Danych Osobowych.<\/p>\n<p>U\u017cytkownicy maj\u0105 r\u00f3wnie\u017c prawo dowiedzie\u0107 si\u0119 o podstawie prawnej transferu Danych do kraju poza Uni\u0105 Europejsk\u0105 lub do jakiejkolwiek mi\u0119dzynarodowej organizacji rz\u0105dzonej przez publiczne prawo mi\u0119dzynarodowe lub ustanowionej przez dwa lub wi\u0119cej pa\u0144stw, takich jak ONZ, oraz o \u015brodkach bezpiecze\u0144stwa podj\u0119tych przez W\u0142a\u015bciciela w celu ochrony ich Danych.<\/p>\n<p>Je\u015bli ma miejsce taki transfer, U\u017cytkownicy mog\u0105 dowiedzie\u0107 si\u0119 wi\u0119cej, sprawdzaj\u0105c odpowiednie sekcje tego dokumentu lub zapyta\u0107 W\u0142a\u015bciciela, korzystaj\u0105c z informacji podanych w sekcji kontaktowej.<\/p>\n<p>&nbsp;<\/p>\n<p>[\/vc_column_text][\/vc_column][\/vc_row][vc_row][vc_column][vc_column_text]<\/p>\n<h3>Czas przechowywania<\/h3>\n<p>Dane Osobowe b\u0119d\u0105 przetwarzane i przechowywane tak d\u0142ugo, jak b\u0119dzie to wymagane przez cel, dla kt\u00f3rego zosta\u0142y zebrane.<\/p>\n<p>W zwi\u0105zku z tym:<\/p>\n<ul>\n<li>Dane Osobowe zebrane w celach zwi\u0105zanych z wykonaniem umowy mi\u0119dzy W\u0142a\u015bcicielem a U\u017cytkownikiem b\u0119d\u0105 przechowywane do czasu pe\u0142nego wykonania takiej umowy.<\/li>\n<li>Dane Osobowe zebrane w celach zwi\u0105zanych z uzasadnionymi interesami W\u0142a\u015bciciela b\u0119d\u0105 przechowywane tak d\u0142ugo, jak b\u0119dzie to konieczne do realizacji tych cel\u00f3w. U\u017cytkownicy mog\u0105 znale\u017a\u0107 konkretne informacje dotycz\u0105ce uzasadnionych interes\u00f3w realizowanych przez W\u0142a\u015bciciela w odpowiednich sekcjach tego dokumentu lub kontaktuj\u0105c si\u0119 z W\u0142a\u015bcicielem.<\/li>\n<\/ul>\n<p>W\u0142a\u015bciciel mo\u017ce by\u0107 uprawniony do przechowywania Danych Osobowych przez d\u0142u\u017cszy okres, kiedykolwiek U\u017cytkownik wyrazi\u0142 zgod\u0119 na takie przetwarzanie, tak d\u0142ugo jak taka zgoda nie zostanie wycofana. Ponadto, W\u0142a\u015bciciel mo\u017ce by\u0107 zobowi\u0105zany do przechowywania Danych Osobowych przez d\u0142u\u017cszy okres, kiedy jest to wymagane do wykonania obowi\u0105zku prawnego lub na rozkaz w\u0142adzy.<\/p>\n<p>Po wyga\u015bni\u0119ciu okresu przechowywania, Dane Osobowe zostan\u0105 usuni\u0119te. Dlatego prawa dost\u0119pu, prawo do usuni\u0119cia, prawo do sprostowania i prawo do przenoszenia danych nie mog\u0105 by\u0107 egzekwowane po wyga\u015bni\u0119ciu okresu przechowywania.<\/p>\n<p>&nbsp;<\/p>\n<p>[\/vc_column_text][\/vc_column][\/vc_row][vc_row][vc_column][vc_column_text]<\/p>\n<h3><strong>Prawa U\u017cytkownik\u00f3w <img loading=\"lazy\" decoding=\"async\" class=\"alignnone wp-image-3524\" src=\"https:\/\/autolink.pl\/wp-content\/uploads\/2024\/03\/user-rights-150x150.png\" alt=\"privacy policy user right Prawa U\u017cytkownik\u00f3w Polityka Prywatno\u015bci\" width=\"38\" height=\"38\" title=\"\" srcset=\"https:\/\/autolink.pl\/wp-content\/uploads\/2024\/03\/user-rights-150x150.png 150w, https:\/\/autolink.pl\/wp-content\/uploads\/2024\/03\/user-rights-130x130.png 130w, https:\/\/autolink.pl\/wp-content\/uploads\/2024\/03\/user-rights-40x40.png 40w, https:\/\/autolink.pl\/wp-content\/uploads\/2024\/03\/user-rights-24x24.png 24w, https:\/\/autolink.pl\/wp-content\/uploads\/2024\/03\/user-rights-36x36.png 36w, https:\/\/autolink.pl\/wp-content\/uploads\/2024\/03\/user-rights-48x48.png 48w, https:\/\/autolink.pl\/wp-content\/uploads\/2024\/03\/user-rights.png 200w\" sizes=\"auto, (max-width: 38px) 100vw, 38px\" \/><\/strong><\/h3>\n<p>U\u017cytkownicy mog\u0105 korzysta\u0107 z okre\u015blonych praw w odniesieniu do ich Danych przetwarzanych przez W\u0142a\u015bciciela.<\/p>\n<p>W szczeg\u00f3lno\u015bci, U\u017cytkownicy maj\u0105 prawo do:<\/p>\n<ul>\n<li><strong>Wycofania swojej zgody w dowolnym momencie.<\/strong>U\u017cytkownicy maj\u0105 prawo wycofa\u0107 zgod\u0119, kt\u00f3r\u0105 wcze\u015bniej udzielili na przetwarzanie ich Danych Osobowych.<\/li>\n<li><strong>Sprzeciwu wobec przetwarzania ich Danych.<\/strong>U\u017cytkownicy maj\u0105 prawo sprzeciwi\u0107 si\u0119 przetwarzaniu ich Danych, je\u015bli przetwarzanie jest prowadzone na innej podstawie prawnej ni\u017c zgoda.<\/li>\n<li><strong>Dost\u0119pu do ich Danych.<\/strong>U\u017cytkownicy maj\u0105 prawo dowiedzie\u0107 si\u0119, czy Dane s\u0105 przetwarzane przez W\u0142a\u015bciciela, uzyska\u0107 ujawnienie niekt\u00f3rych aspekt\u00f3w przetwarzania i otrzyma\u0107 kopi\u0119 przetwarzanych Danych.<\/li>\n<li><strong>Weryfikacji i \u017c\u0105dania sprostowania.<\/strong>U\u017cytkownicy maj\u0105 prawo weryfikowa\u0107 dok\u0142adno\u015b\u0107 swoich Danych i \u017c\u0105da\u0107 ich aktualizacji lub sprostowania<\/li>\n<li><strong>Ograniczenia przetwarzania ich Danych.<\/strong>U\u017cytkownicy maj\u0105 prawo, w okre\u015blonych okoliczno\u015bciach, \u017c\u0105da\u0107 ograniczenia przetwarzania swoich Danych. W takim przypadku W\u0142a\u015bciciel nie b\u0119dzie przetwarza\u0142 ich Danych do \u017cadnych cel\u00f3w innych ni\u017c ich przechowywanie.<\/li>\n<\/ul>\n<p>[\/vc_column_text][\/vc_column][\/vc_row][vc_row][vc_column][vc_column_text]<\/p>\n<ul>\n<li><strong>U\u017cytkownicy maj\u0105 prawo<\/strong>, w okre\u015blonych okoliczno\u015bciach, do uzyskania usuni\u0119cia swoich Danych przez W\u0142a\u015bciciela.<\/li>\n<li><strong>Otrzyma\u0107 swoje Dane i przekaza\u0107 je innemu administratorowi.<\/strong>U\u017cytkownicy maj\u0105 prawo otrzyma\u0107 swoje Dane w strukturyzowanym, powszechnie u\u017cywanym i maszynowo odczytywalnym formacie oraz, je\u015bli jest to technicznie wykonalne, przes\u0142a\u0107 je innemu administratorowi bez \u017cadnych przeszk\u00f3d. Warunek ten ma zastosowanie, pod warunkiem \u017ce Dane s\u0105 przetwarzane w spos\u00f3b zautomatyzowany i \u017ce przetwarzanie opiera si\u0119 na zgody U\u017cytkownika, na umowie, kt\u00f3rej U\u017cytkownik jest stron\u0105, lub na obowi\u0105zkach przedumownych.<\/li>\n<li><strong>Wnie\u015b\u0107 skarg\u0119.<\/strong>U\u017cytkownicy maj\u0105 prawo wnosi\u0107 skargi do w\u0142a\u015bciwego organu ochrony danych.<\/li>\n<\/ul>\n<p>&nbsp;<\/p>\n<p>[\/vc_column_text][\/vc_column][\/vc_row][vc_row][vc_column][vc_column_text]<\/p>\n<h3><strong>Szczeg\u00f3\u0142y dotycz\u0105ce prawa do sprzeciwu wobec przetwarzania<\/strong><\/h3>\n<p>Gdy Dane Osobowe s\u0105 przetwarzane dla dobra publicznego, w ramach wykonywania oficjalnej w\u0142adzy powierzonej W\u0142a\u015bcicielowi lub dla cel\u00f3w uzasadnionych interes\u00f3w realizowanych przez W\u0142a\u015bciciela, U\u017cytkownicy mog\u0105 sprzeciwi\u0107 si\u0119 takiemu przetwarzaniu, dostarczaj\u0105c pow\u00f3d zwi\u0105zany z ich szczeg\u00f3ln\u0105 sytuacj\u0105, aby uzasadni\u0107 sprzeciw.<\/p>\n<p>U\u017cytkownicy musz\u0105 wiedzie\u0107, \u017ce je\u015bli ich Dane Osobowe s\u0105 przetwarzane w celach marketingu bezpo\u015bredniego, mog\u0105 w dowolnym momencie sprzeciwi\u0107 si\u0119 temu przetwarzaniu bez podawania jakiegokolwiek uzasadnienia. Aby dowiedzie\u0107 si\u0119, czy W\u0142a\u015bciciel przetwarza Dane Osobowe w celach marketingu bezpo\u015bredniego, U\u017cytkownicy mog\u0105 odnie\u015b\u0107 si\u0119 do odpowiednich sekcji tego dokumentu.<\/p>\n<p>&nbsp;<\/p>\n<p>[\/vc_column_text][\/vc_column][\/vc_row][vc_row][vc_column][vc_column_text]<\/p>\n<h3><strong>ak korzysta\u0107 z tych praw<\/strong><\/h3>\n<p>Wszelkie wnioski o wykonanie praw u\u017cytkownika mog\u0105 by\u0107 kierowane do W\u0142a\u015bciciela za po\u015brednictwem danych kontaktowych podanych w tym dokumencie. Te wnioski mog\u0105 by\u0107 realizowane bezp\u0142atnie i b\u0119d\u0105 rozpatrywane przez W\u0142a\u015bciciela jak najszybciej, zawsze w ci\u0105gu jednego miesi\u0105ca.<\/p>\n<p>&nbsp;<\/p>\n<p>[\/vc_column_text][\/vc_column][\/vc_row][vc_row][vc_column][vc_column_text]<\/p>\n<h1><span style=\"font-size: 18pt;\"><strong>Dodatkowe informacje o zbieraniu i przetwarzaniu danych<\/strong><\/span><\/h1>\n<h3>Dzia\u0142ania prawne<\/h3>\n<p>Dane Osobowe U\u017cytkownika mog\u0105 by\u0107 u\u017cywane do cel\u00f3w prawnych przez W\u0142a\u015bciciela w s\u0105dzie lub na etapach prowadz\u0105cych do mo\u017cliwego dzia\u0142ania prawnego wynikaj\u0105cego z niew\u0142a\u015bciwego korzystania z tej Aplikacji lub zwi\u0105zanych z ni\u0105 Us\u0142ug. U\u017cytkownik deklaruje, \u017ce jest \u015bwiadomy, i\u017c W\u0142a\u015bciciel mo\u017ce by\u0107 zobowi\u0105zany do ujawnienia danych osobowych na \u017c\u0105danie organ\u00f3w publicznych.<\/p>\n<p>[\/vc_column_text][\/vc_column][\/vc_row][vc_row][vc_column][vc_column_text]<\/p>\n<h3><strong>Dodatkowe informacje o Danych Osobowych U\u017cytkownika<\/strong><\/h3>\n<p>Opr\u00f3cz informacji zawartych w tej polityce prywatno\u015bci, ta Aplikacja mo\u017ce dostarczy\u0107 U\u017cytkownikowi dodatkowe i kontekstualne informacje dotycz\u0105ce konkretnych Us\u0142ug lub zbierania i przetwarzania Danych Osobowych na \u017c\u0105danie.<\/p>\n<p>&nbsp;<\/p>\n<p>[\/vc_column_text][\/vc_column][\/vc_row][vc_row][vc_column][vc_column_text]<\/p>\n<h3>Logi systemowe i konserwacja<\/h3>\n<p>W celach operacyjnych i konserwacyjnych ta Aplikacja oraz wszelkie us\u0142ugi stron trzecich mog\u0105 zbiera\u0107 pliki, kt\u00f3re rejestruj\u0105 interakcje z t\u0105 Aplikacj\u0105 (logi systemowe), wykorzystuj\u0105c inne Dane Osobowe (takie jak adres IP) do tego celu.<\/p>\n<p>&nbsp;<\/p>\n<p>[\/vc_column_text][\/vc_column][\/vc_row][vc_row][vc_column][vc_column_text]<\/p>\n<h3>Informacje niezawarte w tej polityce<\/h3>\n<p>Wi\u0119cej szczeg\u00f3\u0142\u00f3w dotycz\u0105cych zbierania lub przetwarzania Danych Osobowych mo\u017cna za\u017c\u0105da\u0107 od W\u0142a\u015bciciela w dowolnym momencie. Prosz\u0119 zobaczy\u0107 informacje kontaktowe na pocz\u0105tku tego dokumentu.<\/p>\n<h3>Jak obs\u0142ugiwane s\u0105 \u017c\u0105dania \u201eDo Not Track\u201d<\/h3>\n<p>Ta Aplikacja nie obs\u0142uguje \u017c\u0105da\u0144 \u201eDo Not Track\u201d.<br \/>\nAby ustali\u0107, czy jakiekolwiek us\u0142ugi stron trzecich, z kt\u00f3rych korzysta, honoruj\u0105 \u017c\u0105dania \u201eDo Not Track\u201d, nale\u017cy przeczyta\u0107 ich polityki prywatno\u015bci.<\/p>\n<p>&nbsp;<\/p>\n<p>[\/vc_column_text][\/vc_column][\/vc_row][vc_row][vc_column][vc_column_text]<\/p>\n<h3>Zmiany w tej polityce prywatno\u015bci<\/h3>\n<p>W\u0142a\u015bciciel zastrzega sobie prawo do wprowadzenia zmian w tej polityce prywatno\u015bci w dowolnym czasie, informuj\u0105c o tym U\u017cytkownik\u00f3w na tej stronie oraz mo\u017cliwie w tej Aplikacji i\/lub &#8211; o ile jest to technicznie i prawnie wykonalne &#8211; wysy\u0142aj\u0105c powiadomienie do U\u017cytkownik\u00f3w za po\u015brednictwem dost\u0119pnych danych kontaktowych W\u0142a\u015bciciela. Zaleca si\u0119 cz\u0119ste sprawdzanie tej strony, odnosz\u0105c si\u0119 do daty ostatniej modyfikacji wymienionej na dole.<\/p>\n<p>Je\u015bli zmiany wp\u0142yn\u0105 na dzia\u0142ania przetwarzania prowadzone na podstawie zgody U\u017cytkownika, W\u0142a\u015bciciel zbierze now\u0105 zgod\u0119 od U\u017cytkownika, je\u017celi b\u0119dzie to wymagane.<\/p>\n<p>Je\u015bli masz jakiekolwiek pytania dotycz\u0105ce naszych przygotowa\u0144 do RODO, wy\u015blij nam e-mail na adres <a href=\"mailto:gdpr@bmlg.eu\">gdpr@bmlg.eu<\/a> z odniesieniem do\u00a0 \u201cGDPR\u201d lub \u201cDATA PROTECTION\u201d.[\/vc_column_text][\/vc_column][\/vc_row]<\/p>\n<\/div>","protected":false},"excerpt":{"rendered":"<p>[vc_row][vc_column][vc_column_text] Wykorzystujemy pliki cookie, aby poprawi\u0107 Twoje do\u015bwiadczenie na naszej stronie internetowej. Pliki cookie to ma\u0142e pliki tekstowe przechowywane na Twoim urz\u0105dzeniu, kt\u00f3re pomagaj\u0105 nam poprawi\u0107 wydajno\u015b\u0107 i funkcjonalno\u015b\u0107 naszej strony. Korzystaj\u0105c z&#8230;<\/p>\n","protected":false},"author":1,"featured_media":0,"parent":0,"menu_order":2,"comment_status":"closed","ping_status":"closed","template":"","meta":{"inline_featured_image":false,"footnotes":""},"class_list":["post-3388","page","type-page","status-publish","hentry"],"amp_enabled":true,"_links":{"self":[{"href":"https:\/\/autolink.pl\/pl\/wp-json\/wp\/v2\/pages\/3388","targetHints":{"allow":["GET"]}}],"collection":[{"href":"https:\/\/autolink.pl\/pl\/wp-json\/wp\/v2\/pages"}],"about":[{"href":"https:\/\/autolink.pl\/pl\/wp-json\/wp\/v2\/types\/page"}],"author":[{"embeddable":true,"href":"https:\/\/autolink.pl\/pl\/wp-json\/wp\/v2\/users\/1"}],"replies":[{"embeddable":true,"href":"https:\/\/autolink.pl\/pl\/wp-json\/wp\/v2\/comments?post=3388"}],"version-history":[{"count":4,"href":"https:\/\/autolink.pl\/pl\/wp-json\/wp\/v2\/pages\/3388\/revisions"}],"predecessor-version":[{"id":3535,"href":"https:\/\/autolink.pl\/pl\/wp-json\/wp\/v2\/pages\/3388\/revisions\/3535"}],"wp:attachment":[{"href":"https:\/\/autolink.pl\/pl\/wp-json\/wp\/v2\/media?parent=3388"}],"curies":[{"name":"wp","href":"https:\/\/api.w.org\/{rel}","templated":true}]}}